{"id":10,"date":"2022-04-23T20:16:48","date_gmt":"2022-04-23T20:16:48","guid":{"rendered":"https:\/\/alixarte.com\/?page_id=10"},"modified":"2022-04-24T21:15:41","modified_gmt":"2022-04-24T21:15:41","slug":"coleccion","status":"publish","type":"page","link":"https:\/\/alixarte.com\/index.php\/coleccion\/","title":{"rendered":"Colecci\u00f3n"},"content":{"rendered":"[vc_row][vc_column][vc_column_text]\n[\/vc_column_text][vc_column_text]\n<blockquote>\n<h4 style=\"text-align: center;\"><em><strong>EXPLORE NUESTRA<\/strong><\/em><\/h4>\n<\/blockquote>\n[\/vc_column_text][vc_column_text]\n<h1 style=\"text-align: center;\">COLECCI\u00d3N<\/h1>\n[\/vc_column_text][\/vc_column][\/vc_row][vc_row][vc_column width=&#8221;1\/4&#8243;][vc_single_image image=&#8221;193&#8243; img_size=&#8221;medium&#8221; add_caption=&#8221;yes&#8221; alignment=&#8221;center&#8221;][vc_column_text css_animation=&#8221;none&#8221;]\n<ul>\n<li>T\u00edtulo: Guatemaya<\/li>\n<li>Artista: Alix Mendoza<\/li>\n<li>T\u00e9cnica: \u00a0Acr\u00edlica \u2013 Lienzo<\/li>\n<li>Dimensiones: 51 X 174 Cm<\/li>\n<li>A\u00f1o: 2021<\/li>\n<\/ul>\n[\/vc_column_text][\/vc_column][vc_column width=&#8221;1\/4&#8243;][vc_single_image image=&#8221;190&#8243; img_size=&#8221;medium&#8221; alignment=&#8221;center&#8221;][vc_column_text]\n<ul>\n<li>T\u00edtulo: Abuela Ma\u00edz<\/li>\n<li>Artista: Alix Mendoza<\/li>\n<li>T\u00e9cnica: Oleo \u2013 Tela<\/li>\n<li>Dimensiones: 173 X 51 Cm<\/li>\n<li>A\u00f1o: 2022<\/li>\n<li>No: 0002000<\/li>\n<\/ul>\n[\/vc_column_text][\/vc_column][vc_column width=&#8221;1\/4&#8243;][vc_single_image image=&#8221;191&#8243; img_size=&#8221;medium&#8221; alignment=&#8221;center&#8221;][vc_column_text]\n<ul>\n<li>T\u00edtulo: \u00a0Q\u2019anil<\/li>\n<li>Artista: Alix Mendoza<\/li>\n<li>T\u00e9cnica: Oleo \u2013 Tela<\/li>\n<li>Dimensiones: 51 X 127 cm<\/li>\n<li>A\u00f1o: 2021<\/li>\n<\/ul>\n[\/vc_column_text][\/vc_column][vc_column width=&#8221;1\/4&#8243;][vc_single_image image=&#8221;192&#8243; img_size=&#8221;medium&#8221; alignment=&#8221;center&#8221;][vc_column_text]\n<ul>\n<li>T\u00edtulo: Batz<\/li>\n<li>Artista: Alix Mendoza<\/li>\n<li>T\u00e9cnica: Oleo \u2013 Tela<\/li>\n<li>Dimensiones: 210 X 51 cm<\/li>\n<li>A\u00f1o: 2022<\/li>\n<li>No. 0002001<\/li>\n<\/ul>\n[\/vc_column_text][\/vc_column][\/vc_row][vc_row][vc_column width=&#8221;1\/4&#8243;][vc_single_image image=&#8221;194&#8243; img_size=&#8221;medium&#8221;][vc_column_text]\n<ul>\n<li>T\u00edtulo: Imborrable Iii<\/li>\n<li>Artista: Alix Mendoza<\/li>\n<li>T\u00e9cnica: Oleo \u2013 Tela<\/li>\n<li>Dimensiones: 173 X 51 cm<\/li>\n<li>A\u00f1o: 2021<\/li>\n<li>No: 0002002<\/li>\n<\/ul>\n[\/vc_column_text][\/vc_column][vc_column width=&#8221;1\/4&#8243;][vc_single_image image=&#8221;195&#8243; img_size=&#8221;medium&#8221;][vc_column_text]\n<ul>\n<li>T\u00edtulo: Origen Actual<\/li>\n<li>Artista: Alix Mendoza<\/li>\n<li>T\u00e9cnica: Oleo \u2013 Tela<\/li>\n<li>Dimensiones: 51 X 127 cm<\/li>\n<li>A\u00f1o: 2022<\/li>\n<li>No: 0002003<\/li>\n<\/ul>\n[\/vc_column_text][\/vc_column][vc_column width=&#8221;1\/4&#8243;][vc_single_image image=&#8221;196&#8243; img_size=&#8221;medium&#8221;][vc_column_text]\n<ul>\n<li>T\u00edtulo: Honor<\/li>\n<li>Artista: Alix Mendoza<\/li>\n<li>T\u00e9cnica: Oleo \u2013 Tela<\/li>\n<li>Dimensiones: 173 X 51 cm<\/li>\n<li>A\u00f1o: 2022<\/li>\n<li>No: 0002009<\/li>\n<\/ul>\n[\/vc_column_text][\/vc_column][vc_column width=&#8221;1\/4&#8243;][vc_single_image image=&#8221;197&#8243; img_size=&#8221;medium&#8221;][vc_column_text]\n<ul>\n<li>Titulo: Zanate<\/li>\n<li>Artista: Alix Mendoza<\/li>\n<li>T\u00e9cnica: Acrilica \u2013 Tela<\/li>\n<li>Dimensiones: 51 X 127 cm<\/li>\n<li>A\u00f1o: 2021<\/li>\n<\/ul>\n[\/vc_column_text][\/vc_column][\/vc_row][vc_row][vc_column width=&#8221;1\/4&#8243;][vc_single_image image=&#8221;199&#8243; img_size=&#8221;medium&#8221;][vc_column_text]\n<ul>\n<li>T\u00edtulo:<\/li>\n<li>Artista: Alix Mendoza<\/li>\n<li>T\u00e9cnica: Acrilica \u2013 Lienzo<\/li>\n<li>Dimensiones: 51 X 127 cm<\/li>\n<li>A\u00f1o: 2022<\/li>\n<\/ul>\n[\/vc_column_text][\/vc_column][vc_column width=&#8221;1\/4&#8243;][vc_single_image image=&#8221;200&#8243; img_size=&#8221;medium&#8221;][vc_column_text]\n<ul>\n<li>Titulo: Vivencia<\/li>\n<li>Artista: Alix Mendoza<\/li>\n<li>T\u00e9cnica: Oleo\u2013 Tela<\/li>\n<li>Dimensiones: 31 X 92 cm<\/li>\n<li>A\u00f1o: 2022<\/li>\n<li>No: 0002014<\/li>\n<\/ul>\n[\/vc_column_text][\/vc_column][vc_column width=&#8221;1\/4&#8243;][vc_single_image image=&#8221;201&#8243; img_size=&#8221;medium&#8221;][vc_column_text]\n<ul>\n<li>T\u00edtulo: Vida Iii<\/li>\n<li>Artista: Alix Mendoza<\/li>\n<li>T\u00e9cnica: Oleo \u2013 Lienzo<\/li>\n<li>Dimensiones: 11 X 69\u00a0 cm<\/li>\n<li>A\u00f1o: 2022<\/li>\n<li>No: 0002015<\/li>\n<\/ul>\n[\/vc_column_text][\/vc_column][vc_column width=&#8221;1\/4&#8243;][vc_single_image image=&#8221;202&#8243; img_size=&#8221;medium&#8221;][vc_column_text]\n<ul>\n<li>T\u00edtulo:<\/li>\n<li>Artista:\u00a0\u00a0 Alix Mendoza<\/li>\n<li>T\u00e9cnica:\u00a0\u00a0\u00a0\u00a0\u00a0\u00a0\u00a0 Oleo \u2013 Tela<\/li>\n<li>Dimensiones: 30.5 X 68.5 cm<\/li>\n<li>A\u00f1o: 2022<\/li>\n<li>No: 0002017<\/li>\n<\/ul>\n[\/vc_column_text][\/vc_column][\/vc_row][vc_row][vc_column width=&#8221;1\/4&#8243;][vc_single_image image=&#8221;204&#8243; img_size=&#8221;medium&#8221;][vc_column_text]\n<ul>\n<li>T\u00edtulo:<\/li>\n<li>Artista: Alix Mendoza<\/li>\n<li>T\u00e9cnica:<\/li>\n<li>Dimensiones:<\/li>\n<li>A\u00f1o:<\/li>\n<\/ul>\n[\/vc_column_text][\/vc_column][vc_column width=&#8221;1\/4&#8243;][vc_single_image image=&#8221;205&#8243; img_size=&#8221;medium&#8221;][vc_column_text]\n<ul>\n<li>T\u00edtulo: Iximulew<\/li>\n<li>Artista: Alix Mendoza<\/li>\n<li>T\u00e9cnica: Oleo \u2013 Lienzo<\/li>\n<li>Dimensiones: 26 X 26 cm<\/li>\n<li>A\u00f1o: 2022<\/li>\n<li>\n<p>No: 0002005<\/p>\n<\/li>\n<\/ul>\n[\/vc_column_text][\/vc_column][vc_column width=&#8221;1\/4&#8243;][vc_single_image image=&#8221;206&#8243; img_size=&#8221;medium&#8221;][vc_column_text]\n<ul>\n<li>T\u00edtulo: Homenaje A La Mujer<\/li>\n<li>Artista: Alix Mendoza<\/li>\n<li>T\u00e9cnica: Oleo \u2013 Tela<\/li>\n<li>Dimensiones: 26 X 26 cm<\/li>\n<li>A\u00f1o: 2022<\/li>\n<li>No: 0002006<\/li>\n<\/ul>\n[\/vc_column_text][\/vc_column][vc_column width=&#8221;1\/4&#8243;][vc_single_image image=&#8221;207&#8243; img_size=&#8221;medium&#8221;][vc_column_text]\n<ul>\n<li>T\u00edtulo: Simbolo<\/li>\n<li>Artista: Alix Mendoza<\/li>\n<li>T\u00e9cnica: Oleo \u2013 Tela<\/li>\n<li>Dimensiones: 26 X 26 cm<\/li>\n<li>A\u00f1o: 2022<\/li>\n<li>No: 0002007<\/li>\n<\/ul>\n[\/vc_column_text][\/vc_column][\/vc_row][vc_row][vc_column width=&#8221;1\/4&#8243;][vc_single_image image=&#8221;209&#8243; img_size=&#8221;medium&#8221;][vc_column_text]\n<ul>\n<li>T\u00edtulo: Identidad Iii<\/li>\n<li>Artista: Alix Mendoza<\/li>\n<li>T\u00e9cnica: Oleo \u2013 Tela<\/li>\n<li>Dimensiones: 76 X 152 cm<\/li>\n<li>A\u00f1o: 2022<\/li>\n<li>No. 0002012<\/li>\n<\/ul>\n[\/vc_column_text][\/vc_column][vc_column width=&#8221;1\/4&#8243;][vc_single_image image=&#8221;210&#8243; img_size=&#8221;medium&#8221;][vc_column_text]\n<ul>\n<li>T\u00edtulo:<\/li>\n<li>Artista: Alix Mendoza<\/li>\n<li>T\u00e9cnica: Oleo \u2013 Tela<\/li>\n<li>Dimensiones:<\/li>\n<li>A\u00f1o:<\/li>\n<\/ul>\n[\/vc_column_text][\/vc_column][vc_column width=&#8221;1\/4&#8243;][vc_single_image image=&#8221;211&#8243; img_size=&#8221;medium&#8221;][vc_column_text]\n<ul>\n<li>T\u00edtulo: Abundancia<\/li>\n<li>Artista: Alix Mendoza<\/li>\n<li>T\u00e9cnica: Oleo \u2013 Textil<\/li>\n<li>Dimensiones: 38 X 76 cm<\/li>\n<li>A\u00f1o: 2022<\/li>\n<li>No: 0002004<\/li>\n<\/ul>\n[\/vc_column_text][\/vc_column][vc_column width=&#8221;1\/4&#8243;][vc_single_image image=&#8221;212&#8243; img_size=&#8221;medium&#8221;][vc_column_text]\n<ul>\n<li>T\u00edtulo: Mundo Actual<\/li>\n<li>Artista: Alix Mendoza<\/li>\n<li>T\u00e9cnica: Oleo \u2013 Tela<\/li>\n<li>Dimensiones: 38 X 76 cm<\/li>\n<li>A\u00f1o: 2021<\/li>\n<\/ul>\n[\/vc_column_text][\/vc_column][\/vc_row][vc_row][vc_column width=&#8221;1\/4&#8243;][vc_single_image image=&#8221;213&#8243; img_size=&#8221;medium&#8221; alignment=&#8221;center&#8221;][vc_column_text]\n<ul>\n<li>T\u00edtulo: Identidad<\/li>\n<li>Artista: Alix Mendoza<\/li>\n<li>T\u00e9cnica: Oleo \u2013 Tela<\/li>\n<li>Dimensiones: 76 X 152 cm<\/li>\n<li>A\u00f1o: 2022<\/li>\n<li>No: 0002010<\/li>\n<\/ul>\n[\/vc_column_text][\/vc_column][vc_column width=&#8221;1\/4&#8243;][vc_single_image image=&#8221;214&#8243; img_size=&#8221;medium&#8221;][vc_column_text]\n<ul>\n<li>T\u00edtulo: Identidad Ii<\/li>\n<li>Artista: Alix Mendoza<\/li>\n<li>T\u00e9cnica: Oleo \u2013 Tela<\/li>\n<li>Dimensiones: 76 X 152 cm<\/li>\n<li>A\u00f1o: 2022<\/li>\n<li>No: 0002011<\/li>\n<\/ul>\n[\/vc_column_text][\/vc_column][vc_column width=&#8221;1\/4&#8243;][vc_single_image image=&#8221;215&#8243; img_size=&#8221;medium&#8221;][vc_column_text]\n<ul>\n<li>Titulo:<\/li>\n<li>Artista: Alix Mendoza<\/li>\n<li>T\u00e9cnica: Oleo \u2013 Lienzo<\/li>\n<li>Dimensiones: 50 X 20 cm<\/li>\n<li>A\u00f1o: 2022<\/li>\n<li>No: 0002018<\/li>\n<\/ul>\n[\/vc_column_text][\/vc_column][vc_column width=&#8221;1\/4&#8243;][vc_single_image image=&#8221;216&#8243; img_size=&#8221;medium&#8221;][vc_column_text]\n<ul>\n<li>Titulo:<\/li>\n<li>Artista: Alix Mendoza<\/li>\n<li>T\u00e9cnica: Acrilica \u2013 Tela<\/li>\n<li>Dimensiones: 203 X 76 cm<\/li>\n<li>A\u00f1o: 2021<\/li>\n<\/ul>\n[\/vc_column_text][\/vc_column][\/vc_row][vc_row][vc_column width=&#8221;1\/4&#8243;][vc_single_image image=&#8221;217&#8243; img_size=&#8221;medium&#8221;][vc_column_text]\n<ul>\n<li>T\u00edtulo: Sobrevivencia<\/li>\n<li>Artista: Alix Mendoza<\/li>\n<li>T\u00e9cnica: Oleo \u2013 Tela<\/li>\n<li>Dimensiones: 76 X 102 cm<\/li>\n<li>A\u00f1o: 2022<\/li>\n<li>No: 0002008<\/li>\n<\/ul>\n[\/vc_column_text][\/vc_column][vc_column width=&#8221;1\/4&#8243;][vc_single_image image=&#8221;218&#8243; img_size=&#8221;medium&#8221;][vc_column_text]\n<ul>\n<li>Titulo: Ch\u2019ok<\/li>\n<li>Artista: Alix Mendoza<\/li>\n<li>T\u00e9cnica: Oleo \u2013 Tela<\/li>\n<li>Dimensiones: 69 X 103 cm<\/li>\n<li>A\u00f1o: 2022<\/li>\n<li>No: 0002016<\/li>\n<\/ul>\n[\/vc_column_text][\/vc_column][vc_column width=&#8221;1\/4&#8243;][vc_single_image image=&#8221;219&#8243; img_size=&#8221;medium&#8221;][vc_column_text]\n<ul>\n<li>Titulo: Globalizaci\u00f3n<\/li>\n<li>Artista: Alix Mendoza<\/li>\n<li>T\u00e9cnica: Oleo \u2013 Lienzo<\/li>\n<li>Dimensiones: 50 X 20 cm<\/li>\n<li>A\u00f1o: 2017<\/li>\n<\/ul>\n[\/vc_column_text][\/vc_column][vc_column width=&#8221;1\/4&#8243;][vc_single_image image=&#8221;220&#8243; img_size=&#8221;medium&#8221;][vc_column_text]\n<ul>\n<li>Titulo: Inicio<\/li>\n<li>Artista: Alix Mendoza<\/li>\n<li>T\u00e9cnica: Oleo \u2013 Tela<\/li>\n<li>Dimensiones: 61 X 81 cm<\/li>\n<li>A\u00f1o: <\/li>\n<\/ul>\n[\/vc_column_text][\/vc_column][\/vc_row][vc_row][vc_column width=&#8221;1\/4&#8243;][vc_single_image image=&#8221;221&#8243; img_size=&#8221;medium&#8221;][vc_column_text]\n<ul>\n<li>T\u00edtulo:<\/li>\n<li>Artista: Alix Mendoza<\/li>\n<li>T\u00e9cnica:<\/li>\n<li>Dimensiones:<\/li>\n<li>A\u00f1o:<\/li>\n<\/ul>\n[\/vc_column_text][\/vc_column][vc_column width=&#8221;1\/4&#8243;][vc_single_image image=&#8221;222&#8243; img_size=&#8221;medium&#8221;][vc_column_text]\n<ul>\n<li>T\u00edtulo: Identidad<\/li>\n<li>Artista: Alix Mendoza<\/li>\n<li>T\u00e9cnica: Oleo \u2013 Tela<\/li>\n<li>Dimensiones: 76 X 152 cm<\/li>\n<li>A\u00f1o: 2022<\/li>\n<li>No: 0002019<\/li>\n<\/ul>\n[\/vc_column_text][\/vc_column][vc_column width=&#8221;1\/4&#8243;][\/vc_column][vc_column width=&#8221;1\/4&#8243;][\/vc_column][\/vc_row]\n","protected":false},"excerpt":{"rendered":"<p>[vc_row][vc_column][vc_column_text] [\/vc_column_text][vc_column_text] EXPLORE NUESTRA [\/vc_column_text][vc_column_text] COLECCI\u00d3N [\/vc_column_text][\/vc_column][\/vc_row][vc_row][vc_column width=&#8221;1\/4&#8243;][vc_single_image image=&#8221;193&#8243; img_size=&#8221;medium&#8221; add_caption=&#8221;yes&#8221; alignment=&#8221;center&#8221;][vc_column_text css_animation=&#8221;none&#8221;] T\u00edtulo: Guatemaya Artista: Alix Mendoza T\u00e9cnica: \u00a0Acr\u00edlica \u2013 Lienzo Dimensiones: 51 X 174 Cm A\u00f1o: 2021 [\/vc_column_text][\/vc_column][vc_column width=&#8221;1\/4&#8243;][vc_single_image image=&#8221;190&#8243; img_size=&#8221;medium&#8221; alignment=&#8221;center&#8221;][vc_column_text] T\u00edtulo: Abuela Ma\u00edz Artista: Alix Mendoza T\u00e9cnica: Oleo \u2013 Tela Dimensiones: 173 X 51 Cm A\u00f1o: 2022 No: 0002000 [\/vc_column_text][\/vc_column][vc_column width=&#8221;1\/4&#8243;][vc_single_image image=&#8221;191&#8243; img_size=&#8221;medium&#8221; alignment=&#8221;center&#8221;][vc_column_text] T\u00edtulo: \u00a0Q\u2019anil [&hellip;]<\/p>\n","protected":false},"author":1,"featured_media":0,"parent":0,"menu_order":0,"comment_status":"closed","ping_status":"closed","template":"","meta":{"om_disable_all_campaigns":false,"_monsterinsights_skip_tracking":false,"_monsterinsights_sitenote_active":false,"_monsterinsights_sitenote_note":"","_monsterinsights_sitenote_category":0},"aioseo_notices":[],"yoast_head":"<!-- This site is optimized with the Yoast SEO plugin v18.6 - https:\/\/yoast.com\/wordpress\/plugins\/seo\/ -->\n<title>Colecci\u00f3n - ALIX ARTE<\/title>\n<meta name=\"robots\" content=\"index, follow, max-snippet:-1, max-image-preview:large, max-video-preview:-1\" \/>\n<link rel=\"canonical\" href=\"https:\/\/alixarte.com\/index.php\/coleccion\/\" \/>\n<meta property=\"og:locale\" content=\"es_ES\" \/>\n<meta property=\"og:type\" content=\"article\" \/>\n<meta property=\"og:title\" content=\"Colecci\u00f3n - ALIX ARTE\" \/>\n<meta property=\"og:description\" content=\"[vc_row][vc_column][vc_column_text] [\/vc_column_text][vc_column_text] EXPLORE NUESTRA [\/vc_column_text][vc_column_text] COLECCI\u00d3N [\/vc_column_text][\/vc_column][\/vc_row][vc_row][vc_column width=&#8221;1\/4&#8243;][vc_single_image image=&#8221;193&#8243; img_size=&#8221;medium&#8221; add_caption=&#8221;yes&#8221; alignment=&#8221;center&#8221;][vc_column_text css_animation=&#8221;none&#8221;] T\u00edtulo: Guatemaya Artista: Alix Mendoza T\u00e9cnica: \u00a0Acr\u00edlica \u2013 Lienzo Dimensiones: 51 X 174 Cm A\u00f1o: 2021 [\/vc_column_text][\/vc_column][vc_column width=&#8221;1\/4&#8243;][vc_single_image image=&#8221;190&#8243; img_size=&#8221;medium&#8221; alignment=&#8221;center&#8221;][vc_column_text] T\u00edtulo: Abuela Ma\u00edz Artista: Alix Mendoza T\u00e9cnica: Oleo \u2013 Tela Dimensiones: 173 X 51 Cm A\u00f1o: 2022 No: 0002000 [\/vc_column_text][\/vc_column][vc_column width=&#8221;1\/4&#8243;][vc_single_image image=&#8221;191&#8243; img_size=&#8221;medium&#8221; alignment=&#8221;center&#8221;][vc_column_text] T\u00edtulo: \u00a0Q\u2019anil [&hellip;]\" \/>\n<meta property=\"og:url\" content=\"https:\/\/alixarte.com\/index.php\/coleccion\/\" \/>\n<meta property=\"og:site_name\" content=\"ALIX ARTE\" \/>\n<meta property=\"article:modified_time\" content=\"2022-04-24T21:15:41+00:00\" \/>\n<meta name=\"twitter:card\" content=\"summary_large_image\" \/>\n<meta name=\"twitter:label1\" content=\"Tiempo de lectura\" \/>\n\t<meta name=\"twitter:data1\" content=\"5 minutos\" \/>\n<script type=\"application\/ld+json\" class=\"yoast-schema-graph\">{\"@context\":\"https:\/\/schema.org\",\"@graph\":[{\"@type\":\"WebSite\",\"@id\":\"https:\/\/alixarte.com\/#website\",\"url\":\"https:\/\/alixarte.com\/\",\"name\":\"ALIX ARTE\",\"description\":\"Galer\u00eda de Arte\",\"potentialAction\":[{\"@type\":\"SearchAction\",\"target\":{\"@type\":\"EntryPoint\",\"urlTemplate\":\"https:\/\/alixarte.com\/?s={search_term_string}\"},\"query-input\":\"required name=search_term_string\"}],\"inLanguage\":\"es\"},{\"@type\":\"WebPage\",\"@id\":\"https:\/\/alixarte.com\/index.php\/coleccion\/#webpage\",\"url\":\"https:\/\/alixarte.com\/index.php\/coleccion\/\",\"name\":\"Colecci\u00f3n - ALIX ARTE\",\"isPartOf\":{\"@id\":\"https:\/\/alixarte.com\/#website\"},\"datePublished\":\"2022-04-23T20:16:48+00:00\",\"dateModified\":\"2022-04-24T21:15:41+00:00\",\"breadcrumb\":{\"@id\":\"https:\/\/alixarte.com\/index.php\/coleccion\/#breadcrumb\"},\"inLanguage\":\"es\",\"potentialAction\":[{\"@type\":\"ReadAction\",\"target\":[\"https:\/\/alixarte.com\/index.php\/coleccion\/\"]}]},{\"@type\":\"BreadcrumbList\",\"@id\":\"https:\/\/alixarte.com\/index.php\/coleccion\/#breadcrumb\",\"itemListElement\":[{\"@type\":\"ListItem\",\"position\":1,\"name\":\"Portada\",\"item\":\"https:\/\/alixarte.com\/\"},{\"@type\":\"ListItem\",\"position\":2,\"name\":\"Colecci\u00f3n\"}]}]}<\/script>\n<!-- \/ Yoast SEO plugin. -->","yoast_head_json":{"title":"Colecci\u00f3n - ALIX ARTE","robots":{"index":"index","follow":"follow","max-snippet":"max-snippet:-1","max-image-preview":"max-image-preview:large","max-video-preview":"max-video-preview:-1"},"canonical":"https:\/\/alixarte.com\/index.php\/coleccion\/","og_locale":"es_ES","og_type":"article","og_title":"Colecci\u00f3n - ALIX ARTE","og_description":"[vc_row][vc_column][vc_column_text] [\/vc_column_text][vc_column_text] EXPLORE NUESTRA [\/vc_column_text][vc_column_text] COLECCI\u00d3N [\/vc_column_text][\/vc_column][\/vc_row][vc_row][vc_column width=&#8221;1\/4&#8243;][vc_single_image image=&#8221;193&#8243; img_size=&#8221;medium&#8221; add_caption=&#8221;yes&#8221; alignment=&#8221;center&#8221;][vc_column_text css_animation=&#8221;none&#8221;] T\u00edtulo: Guatemaya Artista: Alix Mendoza T\u00e9cnica: \u00a0Acr\u00edlica \u2013 Lienzo Dimensiones: 51 X 174 Cm A\u00f1o: 2021 [\/vc_column_text][\/vc_column][vc_column width=&#8221;1\/4&#8243;][vc_single_image image=&#8221;190&#8243; img_size=&#8221;medium&#8221; alignment=&#8221;center&#8221;][vc_column_text] T\u00edtulo: Abuela Ma\u00edz Artista: Alix Mendoza T\u00e9cnica: Oleo \u2013 Tela Dimensiones: 173 X 51 Cm A\u00f1o: 2022 No: 0002000 [\/vc_column_text][\/vc_column][vc_column width=&#8221;1\/4&#8243;][vc_single_image image=&#8221;191&#8243; img_size=&#8221;medium&#8221; alignment=&#8221;center&#8221;][vc_column_text] T\u00edtulo: \u00a0Q\u2019anil [&hellip;]","og_url":"https:\/\/alixarte.com\/index.php\/coleccion\/","og_site_name":"ALIX ARTE","article_modified_time":"2022-04-24T21:15:41+00:00","twitter_card":"summary_large_image","twitter_misc":{"Tiempo de lectura":"5 minutos"},"schema":{"@context":"https:\/\/schema.org","@graph":[{"@type":"WebSite","@id":"https:\/\/alixarte.com\/#website","url":"https:\/\/alixarte.com\/","name":"ALIX ARTE","description":"Galer\u00eda de Arte","potentialAction":[{"@type":"SearchAction","target":{"@type":"EntryPoint","urlTemplate":"https:\/\/alixarte.com\/?s={search_term_string}"},"query-input":"required name=search_term_string"}],"inLanguage":"es"},{"@type":"WebPage","@id":"https:\/\/alixarte.com\/index.php\/coleccion\/#webpage","url":"https:\/\/alixarte.com\/index.php\/coleccion\/","name":"Colecci\u00f3n - ALIX ARTE","isPartOf":{"@id":"https:\/\/alixarte.com\/#website"},"datePublished":"2022-04-23T20:16:48+00:00","dateModified":"2022-04-24T21:15:41+00:00","breadcrumb":{"@id":"https:\/\/alixarte.com\/index.php\/coleccion\/#breadcrumb"},"inLanguage":"es","potentialAction":[{"@type":"ReadAction","target":["https:\/\/alixarte.com\/index.php\/coleccion\/"]}]},{"@type":"BreadcrumbList","@id":"https:\/\/alixarte.com\/index.php\/coleccion\/#breadcrumb","itemListElement":[{"@type":"ListItem","position":1,"name":"Portada","item":"https:\/\/alixarte.com\/"},{"@type":"ListItem","position":2,"name":"Colecci\u00f3n"}]}]}},"jetpack-related-posts":[{"id":8,"url":"https:\/\/alixarte.com\/index.php\/biografia\/","url_meta":{"origin":10,"position":0},"title":"BIOGRAF\u00cdA","date":"23 de abril de 2022","format":false,"excerpt":"[vc_row][vc_column][vc_text_separator title=\"Biograf\u00eda de Alix Mendoza\" border_width=\"2\"][\/vc_column][\/vc_row][vc_row][vc_column][vc_images_carousel images=\"31,32,33,34,35,37\" img_size=\"full\" onclick=\"link_no\" speed=\"4000\" slides_per_view=\"2\" autoplay=\"yes\" wrap=\"yes\"][\/vc_column][\/vc_row][vc_row][vc_column width=\"1\/2\"][vc_column_text] -En la familia de artistas desde el bisabuelo quien se dedicaba a la carpinter\u00eda,\u00a0 tallando herramientas de madera\u00a0 que son piezas para producir telar de cintura, que las mujeres utilizan com\u00fanmente en nuestra comunidad. Los nietos\u2026","rel":"","context":"Entrada similar","img":{"alt_text":"","src":"","width":0,"height":0},"classes":[]}],"_links":{"self":[{"href":"https:\/\/alixarte.com\/index.php\/wp-json\/wp\/v2\/pages\/10"}],"collection":[{"href":"https:\/\/alixarte.com\/index.php\/wp-json\/wp\/v2\/pages"}],"about":[{"href":"https:\/\/alixarte.com\/index.php\/wp-json\/wp\/v2\/types\/page"}],"author":[{"embeddable":true,"href":"https:\/\/alixarte.com\/index.php\/wp-json\/wp\/v2\/users\/1"}],"replies":[{"embeddable":true,"href":"https:\/\/alixarte.com\/index.php\/wp-json\/wp\/v2\/comments?post=10"}],"version-history":[{"count":18,"href":"https:\/\/alixarte.com\/index.php\/wp-json\/wp\/v2\/pages\/10\/revisions"}],"predecessor-version":[{"id":224,"href":"https:\/\/alixarte.com\/index.php\/wp-json\/wp\/v2\/pages\/10\/revisions\/224"}],"wp:attachment":[{"href":"https:\/\/alixarte.com\/index.php\/wp-json\/wp\/v2\/media?parent=10"}],"curies":[{"name":"wp","href":"https:\/\/api.w.org\/{rel}","templated":true}]}}